{"id":153,"date":"2020-09-02T14:22:49","date_gmt":"2020-09-02T12:22:49","guid":{"rendered":"http:\/\/lamechante-cie.fr\/?page_id=153"},"modified":"2026-01-15T10:00:27","modified_gmt":"2026-01-15T09:00:27","slug":"la-compagnie","status":"publish","type":"page","link":"https:\/\/lamechante-cie.fr\/?page_id=153","title":{"rendered":"La compagnie"},"content":{"rendered":"\n<div class=\"wp-block-group is-vertical is-layout-flex wp-container-core-group-is-layout-2 wp-block-group-is-layout-flex\">\n<div class=\"wp-block-group is-vertical is-layout-flex wp-container-core-group-is-layout-1 wp-block-group-is-layout-flex\">\n<p class=\"has-black-color has-text-color has-link-color wp-elements-b3520daa7d9cab3b51690b69bb8fb962\" style=\"font-size:16px\"><strong>La Compagnie des M\u00e9chantes et des M\u00e9chants !<\/strong><\/p>\n<\/div>\n\n\n\n<p class=\"has-black-color has-text-color has-link-color wp-elements-9bd13c6e26eb020e726c8088e2cf7d0f\" style=\"font-size:16px\">Ici on a pas peur de dire qu&#8217;on peut \u00eatre m\u00e9chant. Il n&#8217;y a pas d&#8217;un c\u00f4t\u00e9 les m\u00e9chants et de l&#8217;autre les gentils. Nous portons tous, en nous, une part monstrueuse, une b\u00eate immonde, c&#8217;est tout le paradoxe de notre humanit\u00e9. Quand le divertissement cherche \u00e0 nous le faire oublier par des propositions de r\u00e9cits manich\u00e9ens, nous revendiquons, par ce nom de compagnie, notre appartenance \u00e0 un monde tout en nuance ou la barbarie c\u00f4toie le sublime.<\/p>\n\n\n\n<p><\/p>\n<\/div>\n\n\n\n<div class=\"wp-block-group\"><div class=\"wp-block-group__inner-container is-layout-constrained wp-block-group-is-layout-constrained\">\n<p><\/p>\n\n\n\n<p class=\"has-black-color has-text-color has-link-color wp-elements-7d4551ac50b2d67acb24e4630f54458b\" style=\"font-size:32px\"><strong>L&#8217;\u00e9quipe<\/strong><\/p>\n\n\n\n<p class=\"has-black-color has-text-color has-link-color wp-elements-15dbe0cd761d7a5d18e7ebf85e660921\" style=\"font-size:16px\"><strong>Prunelle Giordano<\/strong> : Autrice, metteuse en sc\u00e8ne, com\u00e9dienne<\/p>\n\n\n\n<p class=\"has-black-color has-text-color has-link-color wp-elements-1ba1ddf7a35611b3adb0d3d2a9216c56\" style=\"font-size:16px\"><strong>Camila Moraes<\/strong> : Administratrice de la compagnie<\/p>\n\n\n\n<p class=\"has-black-color has-text-color has-link-color wp-elements-71f2b231e2090c5690b35df2babdb733\" style=\"font-size:16px\"><strong>Lola Bonnet Fontaine<\/strong> : Com\u00e9dienne et metteuse en sc\u00e8ne<\/p>\n<\/div><\/div>\n\n\n\n<p><\/p>\n\n\n\n<h4 class=\"wp-block-heading has-black-color has-text-color has-normal-font-size\" style=\"text-transform:uppercase\"><\/h4>\n\n\n\n<p class=\"has-text-align-left has-large-font-size has-black-color has-text-color has-link-color wp-elements-e21b92aaa287becf72e6c4a22dc5cb75\" style=\"font-size:40px\"><strong>Le bureau<\/strong><\/p>\n\n\n<div class=\"wp-block-image is-resized\">\n<figure class=\"alignleft size-medium\"><img loading=\"lazy\" decoding=\"async\" width=\"200\" height=\"300\" src=\"https:\/\/lamechante-cie.fr\/wp-content\/uploads\/2021\/01\/Portrait-Virginie-Baro-1-600x900-1-200x300.jpg\" alt=\"\" class=\"wp-image-292\" srcset=\"https:\/\/lamechante-cie.fr\/wp-content\/uploads\/2021\/01\/Portrait-Virginie-Baro-1-600x900-1-200x300.jpg 200w, https:\/\/lamechante-cie.fr\/wp-content\/uploads\/2021\/01\/Portrait-Virginie-Baro-1-600x900-1-40x60.jpg 40w, https:\/\/lamechante-cie.fr\/wp-content\/uploads\/2021\/01\/Portrait-Virginie-Baro-1-600x900-1.jpg 600w\" sizes=\"auto, (max-width: 200px) 100vw, 200px\" \/><\/figure><\/div>\n\n\n<p class=\"has-black-color has-text-color has-medium-font-size\"><strong>Virginie Baro :<\/strong> <strong>Pr\u00e9sidente de la cie<\/strong><\/p>\n\n\n\n<p class=\"has-black-color has-text-color\"><em>Promotion d\u2019Artistes Plasticiens<\/em><\/p>\n\n\n\n<p class=\"has-black-color has-text-color\">Les arts plastiques sont pr\u00e9sents dans ma vie depuis l\u2019\u00e9cole primaire. Une conviction m\u2019habitait quant \u00e0 mon domaine d\u2019activit\u00e9 futur. Au coll\u00e8ge j\u2019int\u00e9grai les ateliers artistiques, au lyc\u00e9e je choisis de passer un baccalaur\u00e9at Litt\u00e9raire arts plastiques. \u00c0 l\u2019universit\u00e9 j\u2019int\u00e8gre le laboratoire de recherche de Rennes 2. Mon m\u00e9moire porte sur le rapport texte-image. Les arts plastiques ont cette richesse de consid\u00e9rer que tout est potentiellement mati\u00e8re artistique.<\/p>\n\n\n\n<p class=\"has-black-color has-text-color\">En suivant cette voie, j\u2019avais dans l\u2019id\u00e9e de d\u00e9mocratiser l\u2019art. Il me semblait indispensable de savoir ce qu\u2019\u00e9tait la cr\u00e9ation pour la transmettre au public.&nbsp;J\u2019ai \u00e9t\u00e9 professeur d\u2019arts plastiques en lyc\u00e9e, puis 7 ans charg\u00e9e de d\u00e9veloppement artistique pour une structure culturelle avant de cr\u00e9er mon entreprise.<\/p>\n\n\n\n<p class=\"has-black-color has-text-color\">Mon entreprise est compos\u00e9e de deux activit\u00e9s : la vente d\u2019\u0153uvres d\u2019art via le pr\u00e9sent site et des expositions temporaires d\u2019un c\u00f4t\u00e9 ; l\u2019accompagnement professionnel de carri\u00e8res de plasticiens et de projets culturels de l\u2019autre. Dans les deux cas il s\u2019agit de favoriser la diffusion de formes artistiques tout en g\u00e9n\u00e9rant une \u00e9conomie. Mes expositions ont la particularit\u00e9 de se tenir dans des lieux proches de l\u2019habitat et au caract\u00e8re patrimonial ou architectural fort. La contextualisation des \u0153uvres favorise la projection.<\/p>\n\n\n\n<p class=\"has-black-color has-text-color\">J\u2019interviens aupr\u00e8s d\u2019artistes pour ce qui est satellite \u00e0 la cr\u00e9ation : montage de dossier d\u2019appel \u00e0 projet, accompagnement de projet (comme ceux men\u00e9s par La prairie des possibles), analyse de recherche plastique, r\u00e9dactionnel, direction artistique\u2026 Je collabore avec des op\u00e9rateurs culturels (March\u00e9 C\u00e9ramique Pays Basque), des Institutions Publiques (Communaut\u00e9 de Communes Haut-B\u00e9arn), ainsi qu\u2019aupr\u00e8s du secteur priv\u00e9.<\/p>\n\n\n<div class=\"wp-block-image is-resized\">\n<figure class=\"alignleft size-medium\"><img loading=\"lazy\" decoding=\"async\" width=\"225\" height=\"300\" src=\"https:\/\/lamechante-cie.fr\/wp-content\/uploads\/2021\/01\/IMG_6688-225x300.jpg\" alt=\"\" class=\"wp-image-303\" srcset=\"https:\/\/lamechante-cie.fr\/wp-content\/uploads\/2021\/01\/IMG_6688-225x300.jpg 225w, https:\/\/lamechante-cie.fr\/wp-content\/uploads\/2021\/01\/IMG_6688-768x1024.jpg 768w, https:\/\/lamechante-cie.fr\/wp-content\/uploads\/2021\/01\/IMG_6688-1152x1536.jpg 1152w, https:\/\/lamechante-cie.fr\/wp-content\/uploads\/2021\/01\/IMG_6688-1536x2048.jpg 1536w, https:\/\/lamechante-cie.fr\/wp-content\/uploads\/2021\/01\/IMG_6688-45x60.jpg 45w, https:\/\/lamechante-cie.fr\/wp-content\/uploads\/2021\/01\/IMG_6688.jpg 1808w\" sizes=\"auto, (max-width: 225px) 100vw, 225px\" \/><figcaption class=\"wp-element-caption\"><a href=\"https:\/\/www.virginiebaro.com\/gregoire-lavigne-sculpteur\/\" data-type=\"URL\" data-id=\"https:\/\/www.virginiebaro.com\/gregoire-lavigne-sculpteur\/\" target=\"_blank\" rel=\"noreferrer noopener\">Gr\u00e9goire Lavigne<\/a><\/figcaption><\/figure><\/div>\n\n\n<p class=\"has-black-color has-text-color has-medium-font-size\"><strong> Gr\u00e9goire Lavigne : Tr\u00e9sorier et photographe de la cie<\/strong><\/p>\n\n\n\n<p class=\"has-black-color has-text-color\"><em>Plasticien et photographe<\/em><\/p>\n\n\n\n<p class=\"has-black-color has-text-color\">La nature, la flore, sont les bases de sa recherche artistique. L\u2019\u00e9ph\u00e9m\u00e8re, la fragilit\u00e9 et la notion de temps sont omnipr\u00e9sents dans ses travaux. V\u00e9g\u00e9taux vivants ou champignons, \u00e9lus au gr\u00e9 des saisons, pour leur forme ou leurs capacit\u00e9s \u00e0 la manipulation plastique, offrent \u00e0 Gr\u00e9goire Lavigne une mati\u00e8re unique.<\/p>\n\n\n\n<p class=\"has-black-color has-text-color\">Le besoin de renouer \u00e0 la fabrication, au fait-main, combin\u00e9 \u00e0 une envie d\u2019\u00e9laborer des constructions qui s\u2019inscrivent dans l\u2019espace, ont donn\u00e9 naissance \u00e0 plusieurs s\u00e9ries de sculptures b\u00e2ties selon une m\u00eame logique. L\u2019artiste compose des volumes associant le min\u00e9ral \u2014 la pierre, au v\u00e9g\u00e9tal \u2014 le bois. Dans un jeu de construction, il assemble ces deux \u00e9l\u00e9ments pour atteindre un \u00e9quilibre \u00e0 la fois physique et esth\u00e9tique. Ces sculptures abstraites \u2014 aux mat\u00e9riaux, quant \u00e0 eux, tr\u00e8s concrets \u2014 sont volontairement identifi\u00e9es par le plasticien : elles s\u2019appellent \u00celot, Table, Abri ou encore Archipel.<\/p>\n\n\n\n<p class=\"has-black-color has-text-color\">Aujourd&#8217;hui, en plus de son r\u00f4le de tr\u00e9sorier, c&#8217;est \u00e9galement le photographe de la compagnie et il a particip\u00e9 \u00e0 la  fabrication du d\u00e9cor de <em>REVENANTES<\/em>.<\/p>\n\n\n\n<figure class=\"wp-block-gallery aligncenter has-nested-images columns-default is-cropped wp-block-gallery-1 is-layout-flex wp-block-gallery-is-layout-flex\"><\/figure>\n","protected":false},"excerpt":{"rendered":"<p>La Compagnie des M\u00e9chantes et des M\u00e9chants ! Ici on a pas peur de dire qu&#8217;on peut \u00eatre m\u00e9chant. Il n&#8217;y a pas d&#8217;un c\u00f4t\u00e9 les m\u00e9chants et de l&#8217;autre les gentils. Nous portons tous, en nous, une part monstrueuse, une b\u00eate immonde, c&#8217;est tout le paradoxe de notre humanit\u00e9. Quand le divertissement cherche \u00e0 &hellip; <\/p>\n","protected":false},"author":1,"featured_media":0,"parent":0,"menu_order":0,"comment_status":"closed","ping_status":"closed","template":"","meta":{"footnotes":""},"class_list":["post-153","page","type-page","status-publish","hentry"],"_links":{"self":[{"href":"https:\/\/lamechante-cie.fr\/index.php?rest_route=\/wp\/v2\/pages\/153","targetHints":{"allow":["GET"]}}],"collection":[{"href":"https:\/\/lamechante-cie.fr\/index.php?rest_route=\/wp\/v2\/pages"}],"about":[{"href":"https:\/\/lamechante-cie.fr\/index.php?rest_route=\/wp\/v2\/types\/page"}],"author":[{"embeddable":true,"href":"https:\/\/lamechante-cie.fr\/index.php?rest_route=\/wp\/v2\/users\/1"}],"replies":[{"embeddable":true,"href":"https:\/\/lamechante-cie.fr\/index.php?rest_route=%2Fwp%2Fv2%2Fcomments&post=153"}],"version-history":[{"count":86,"href":"https:\/\/lamechante-cie.fr\/index.php?rest_route=\/wp\/v2\/pages\/153\/revisions"}],"predecessor-version":[{"id":1340,"href":"https:\/\/lamechante-cie.fr\/index.php?rest_route=\/wp\/v2\/pages\/153\/revisions\/1340"}],"wp:attachment":[{"href":"https:\/\/lamechante-cie.fr\/index.php?rest_route=%2Fwp%2Fv2%2Fmedia&parent=153"}],"curies":[{"name":"wp","href":"https:\/\/api.w.org\/{rel}","templated":true}]}}